{"id":16695,"date":"2026-01-30T17:23:27","date_gmt":"2026-01-30T16:23:27","guid":{"rendered":"https:\/\/www.studiolacitta.it\/eventi-studio-la-citta\/"},"modified":"2026-03-13T10:16:45","modified_gmt":"2026-03-13T09:16:45","slug":"events-studio-la-citta","status":"publish","type":"page","link":"https:\/\/www.studiolacitta.it\/en\/events-studio-la-citta\/","title":{"rendered":"Events studio la citt\u00e0"},"content":{"rendered":"\t\t<div data-elementor-type=\"wp-page\" data-elementor-id=\"16695\" class=\"elementor elementor-16695 elementor-16603\" data-elementor-post-type=\"page\">\n\t\t\t\t<div class=\"elementor-element elementor-element-fa05520 e-flex e-con-boxed e-con e-parent\" data-id=\"fa05520\" data-element_type=\"container\" data-e-type=\"container\">\n\t\t\t\t\t<div class=\"e-con-inner\">\n\t\t\t\t<div class=\"elementor-element elementor-element-e8fce75 elementor-widget elementor-widget-heading\" data-id=\"e8fce75\" data-element_type=\"widget\" data-e-type=\"widget\" data-widget_type=\"heading.default\">\n\t\t\t\t\t<h2 class=\"elementor-heading-title elementor-size-default\">NEWS<\/h2>\t\t\t\t<\/div>\n\t\t\t\t<div class=\"elementor-element elementor-element-dd18893 elementor-grid-2 elementor-grid-tablet-2 elementor-grid-mobile-1 elementor-widget elementor-widget-loop-grid\" data-id=\"dd18893\" data-element_type=\"widget\" data-e-type=\"widget\" data-settings=\"{&quot;template_id&quot;:17995,&quot;columns&quot;:2,&quot;pagination_type&quot;:&quot;numbers&quot;,&quot;_skin&quot;:&quot;post&quot;,&quot;columns_tablet&quot;:&quot;2&quot;,&quot;columns_mobile&quot;:&quot;1&quot;,&quot;edit_handle_selector&quot;:&quot;[data-elementor-type=\\&quot;loop-item\\&quot;]&quot;,&quot;pagination_load_type&quot;:&quot;page_reload&quot;,&quot;row_gap&quot;:{&quot;unit&quot;:&quot;px&quot;,&quot;size&quot;:&quot;&quot;,&quot;sizes&quot;:[]},&quot;row_gap_tablet&quot;:{&quot;unit&quot;:&quot;px&quot;,&quot;size&quot;:&quot;&quot;,&quot;sizes&quot;:[]},&quot;row_gap_mobile&quot;:{&quot;unit&quot;:&quot;px&quot;,&quot;size&quot;:&quot;&quot;,&quot;sizes&quot;:[]}}\" data-widget_type=\"loop-grid.post\">\n\t\t\t\t<div class=\"elementor-widget-container\">\n\t\t\t\t\t\t\t<div class=\"elementor-loop-container elementor-grid\" role=\"list\">\n\t\t<style id=\"loop-17995\">.elementor-17995 .elementor-element.elementor-element-23a3e0e{--display:flex;}.elementor-widget-theme-post-featured-image .widget-image-caption{color:var( --e-global-color-text );font-family:var( --e-global-typography-text-font-family ), Sans-serif;font-weight:var( --e-global-typography-text-font-weight );}.elementor-widget-post-info .elementor-icon-list-item:not(:last-child):after{border-color:var( --e-global-color-text );}.elementor-widget-post-info .elementor-icon-list-icon i{color:var( --e-global-color-primary );}.elementor-widget-post-info .elementor-icon-list-icon svg{fill:var( --e-global-color-primary );}.elementor-widget-post-info .elementor-icon-list-text, .elementor-widget-post-info .elementor-icon-list-text a{color:var( --e-global-color-secondary );}.elementor-widget-post-info .elementor-icon-list-item{font-family:var( --e-global-typography-text-font-family ), Sans-serif;font-weight:var( --e-global-typography-text-font-weight );}.elementor-17995 .elementor-element.elementor-element-dbff641 .elementor-icon-list-icon{width:14px;}.elementor-17995 .elementor-element.elementor-element-dbff641 .elementor-icon-list-icon i{font-size:14px;}.elementor-17995 .elementor-element.elementor-element-dbff641 .elementor-icon-list-icon svg{--e-icon-list-icon-size:14px;}.elementor-17995 .elementor-element.elementor-element-dbff641 .elementor-icon-list-item{font-family:\"Raleway\", Sans-serif;font-size:12px;font-weight:400;}.elementor-17995 .elementor-element.elementor-element-dbff641{padding:15px 0px 0px 0px;}.elementor-17995 .elementor-element.elementor-element-dbff641.elementor-element{--align-self:flex-end;}.elementor-widget-theme-post-title .elementor-heading-title{font-family:var( --e-global-typography-primary-font-family ), Sans-serif;font-weight:var( --e-global-typography-primary-font-weight );color:var( --e-global-color-primary );}.elementor-17995 .elementor-element.elementor-element-a5568e8 .elementor-heading-title{font-family:\"Raleway\", Sans-serif;font-size:16px;font-weight:600;}.elementor-17995 .elementor-element.elementor-element-a5568e8{padding:10px 0px 0px 0px;}.elementor-widget-theme-post-excerpt{font-family:var( --e-global-typography-text-font-family ), Sans-serif;font-weight:var( --e-global-typography-text-font-weight );color:var( --e-global-color-text );}.elementor-17995 .elementor-element.elementor-element-8ef277a{font-family:\"Raleway\", Sans-serif;font-size:13px;font-weight:400;margin-bottom:10px;color:#000000;padding:10px 0px 0px 0px;}<\/style>\t\t<div data-elementor-type=\"loop-item\" data-elementor-id=\"17995\" class=\"elementor elementor-17995 e-loop-item e-loop-item-18622 post-18622 post type-post status-publish format-standard has-post-thumbnail hentry category-events tag-home\" data-elementor-post-type=\"elementor_library\" data-custom-edit-handle=\"1\">\n\t\t\t<div class=\"elementor-element elementor-element-23a3e0e e-flex e-con-boxed e-con e-parent\" data-id=\"23a3e0e\" data-element_type=\"container\" data-e-type=\"container\">\n\t\t\t\t\t<div class=\"e-con-inner\">\n\t\t\t\t<div class=\"elementor-element elementor-element-0f10578 elementor-widget elementor-widget-theme-post-featured-image elementor-widget-image\" data-id=\"0f10578\" data-element_type=\"widget\" data-e-type=\"widget\" data-widget_type=\"theme-post-featured-image.default\">\n\t\t\t\t\t\t\t\t\t\t\t\t\t\t\t\t<a href=\"https:\/\/www.studiolacitta.it\/en\/events\/studio-la-citta-for-artinrete-2026\/\">\n\t\t\t\t\t\t\t<img fetchpriority=\"high\" decoding=\"async\" width=\"2560\" height=\"1440\" src=\"https:\/\/www.studiolacitta.it\/wp-content\/uploads\/2026\/04\/Senza-titolo-1_Tavola-disegno-1-1-scaled.jpg\" class=\"attachment-full size-full wp-image-18617\" alt=\"\" srcset=\"https:\/\/www.studiolacitta.it\/wp-content\/uploads\/2026\/04\/Senza-titolo-1_Tavola-disegno-1-1-scaled.jpg 2560w, https:\/\/www.studiolacitta.it\/wp-content\/uploads\/2026\/04\/Senza-titolo-1_Tavola-disegno-1-1-300x169.jpg 300w, https:\/\/www.studiolacitta.it\/wp-content\/uploads\/2026\/04\/Senza-titolo-1_Tavola-disegno-1-1-1024x576.jpg 1024w, https:\/\/www.studiolacitta.it\/wp-content\/uploads\/2026\/04\/Senza-titolo-1_Tavola-disegno-1-1-768x432.jpg 768w, https:\/\/www.studiolacitta.it\/wp-content\/uploads\/2026\/04\/Senza-titolo-1_Tavola-disegno-1-1-1536x864.jpg 1536w, https:\/\/www.studiolacitta.it\/wp-content\/uploads\/2026\/04\/Senza-titolo-1_Tavola-disegno-1-1-2048x1152.jpg 2048w, https:\/\/www.studiolacitta.it\/wp-content\/uploads\/2026\/04\/Senza-titolo-1_Tavola-disegno-1-1-600x338.jpg 600w\" sizes=\"(max-width: 2560px) 100vw, 2560px\" \/>\t\t\t\t\t\t\t\t<\/a>\n\t\t\t\t\t\t\t\t\t\t\t\t\t\t\t<\/div>\n\t\t\t\t<div class=\"elementor-element elementor-element-dbff641 elementor-align-left elementor-widget elementor-widget-post-info\" data-id=\"dbff641\" data-element_type=\"widget\" data-e-type=\"widget\" data-widget_type=\"post-info.default\">\n\t\t\t\t\t\t\t<ul class=\"elementor-inline-items elementor-icon-list-items elementor-post-info\">\n\t\t\t\t\t\t\t\t<li class=\"elementor-icon-list-item elementor-repeater-item-f70d581 elementor-inline-item\">\n\t\t\t\t\t\t\t\t\t\t<span class=\"elementor-icon-list-icon\">\n\t\t\t\t\t\t\t\t<i aria-hidden=\"true\" class=\"far fa-tags\"><\/i>\t\t\t\t\t\t\t<\/span>\n\t\t\t\t\t\t\t\t\t<span class=\"elementor-icon-list-text elementor-post-info__item elementor-post-info__item--type-custom\">\n\t\t\t\t\t\t\t\t\t\tExhibition\t\t\t\t\t<\/span>\n\t\t\t\t\t\t\t\t<\/li>\n\t\t\t\t<\/ul>\n\t\t\t\t\t\t<\/div>\n\t\t\t\t<div class=\"elementor-element elementor-element-a5568e8 elementor-widget elementor-widget-theme-post-title elementor-page-title elementor-widget-heading\" data-id=\"a5568e8\" data-element_type=\"widget\" data-e-type=\"widget\" data-widget_type=\"theme-post-title.default\">\n\t\t\t\t\t<h2 class=\"elementor-heading-title elementor-size-default\"><a href=\"https:\/\/www.studiolacitta.it\/en\/events\/studio-la-citta-for-artinrete-2026\/\">Studio la Citt\u00e0 for Artinrete 2026<\/a><\/h2>\t\t\t\t<\/div>\n\t\t\t\t<div class=\"elementor-element elementor-element-8ef277a elementor-widget elementor-widget-theme-post-excerpt\" data-id=\"8ef277a\" data-element_type=\"widget\" data-e-type=\"widget\" data-widget_type=\"theme-post-excerpt.default\">\n\t\t\t\t\tOn 2 May 2026, for the occasion of Artinrete 2026, Studio la Citt\u00e0 is delighted to unveil The Ties That Bind Us, an event-specific installation by Kevork Mourad, alongside an installation of five Totems by Franco Passalacqua....\t\t\t\t<\/div>\n\t\t\t\t\t<\/div>\n\t\t\t\t<\/div>\n\t\t\t\t<\/div>\n\t\t\t\t<div data-elementor-type=\"loop-item\" data-elementor-id=\"17995\" class=\"elementor elementor-17995 e-loop-item e-loop-item-18530 post-18530 post type-post status-publish format-standard has-post-thumbnail hentry category-events\" data-elementor-post-type=\"elementor_library\" data-custom-edit-handle=\"1\">\n\t\t\t<div class=\"elementor-element elementor-element-23a3e0e e-flex e-con-boxed e-con e-parent\" data-id=\"23a3e0e\" data-element_type=\"container\" data-e-type=\"container\">\n\t\t\t\t\t<div class=\"e-con-inner\">\n\t\t\t\t<div class=\"elementor-element elementor-element-0f10578 elementor-widget elementor-widget-theme-post-featured-image elementor-widget-image\" data-id=\"0f10578\" data-element_type=\"widget\" data-e-type=\"widget\" data-widget_type=\"theme-post-featured-image.default\">\n\t\t\t\t\t\t\t\t\t\t\t\t\t\t\t\t<a href=\"https:\/\/www.studiolacitta.it\/en\/events\/kevork-mourad-in-paris-at-the-arab-world-institute-an-artistic-exploration-of-history-and-memory\/\">\n\t\t\t\t\t\t\t<img decoding=\"async\" width=\"2560\" height=\"1440\" src=\"https:\/\/www.studiolacitta.it\/wp-content\/uploads\/2026\/04\/copertina-1.jpg\" class=\"attachment-full size-full wp-image-18531\" alt=\"Kevork Mourad a Parigi all\u2019Istitut du Monde Arabe\" srcset=\"https:\/\/www.studiolacitta.it\/wp-content\/uploads\/2026\/04\/copertina-1.jpg 2560w, https:\/\/www.studiolacitta.it\/wp-content\/uploads\/2026\/04\/copertina-1-300x169.jpg 300w, https:\/\/www.studiolacitta.it\/wp-content\/uploads\/2026\/04\/copertina-1-1024x576.jpg 1024w, https:\/\/www.studiolacitta.it\/wp-content\/uploads\/2026\/04\/copertina-1-768x432.jpg 768w, https:\/\/www.studiolacitta.it\/wp-content\/uploads\/2026\/04\/copertina-1-1536x864.jpg 1536w, https:\/\/www.studiolacitta.it\/wp-content\/uploads\/2026\/04\/copertina-1-2048x1152.jpg 2048w, https:\/\/www.studiolacitta.it\/wp-content\/uploads\/2026\/04\/copertina-1-600x338.jpg 600w\" sizes=\"(max-width: 2560px) 100vw, 2560px\" \/>\t\t\t\t\t\t\t\t<\/a>\n\t\t\t\t\t\t\t\t\t\t\t\t\t\t\t<\/div>\n\t\t\t\t<div class=\"elementor-element elementor-element-dbff641 elementor-align-left elementor-widget elementor-widget-post-info\" data-id=\"dbff641\" data-element_type=\"widget\" data-e-type=\"widget\" data-widget_type=\"post-info.default\">\n\t\t\t\t\t\t\t<ul class=\"elementor-inline-items elementor-icon-list-items elementor-post-info\">\n\t\t\t\t\t\t\t\t<li class=\"elementor-icon-list-item elementor-repeater-item-f70d581 elementor-inline-item\">\n\t\t\t\t\t\t\t\t\t\t<span class=\"elementor-icon-list-icon\">\n\t\t\t\t\t\t\t\t<i aria-hidden=\"true\" class=\"far fa-tags\"><\/i>\t\t\t\t\t\t\t<\/span>\n\t\t\t\t\t\t\t\t\t<span class=\"elementor-icon-list-text elementor-post-info__item elementor-post-info__item--type-custom\">\n\t\t\t\t\t\t\t\t\t\tExhibition\t\t\t\t\t<\/span>\n\t\t\t\t\t\t\t\t<\/li>\n\t\t\t\t<\/ul>\n\t\t\t\t\t\t<\/div>\n\t\t\t\t<div class=\"elementor-element elementor-element-a5568e8 elementor-widget elementor-widget-theme-post-title elementor-page-title elementor-widget-heading\" data-id=\"a5568e8\" data-element_type=\"widget\" data-e-type=\"widget\" data-widget_type=\"theme-post-title.default\">\n\t\t\t\t\t<h2 class=\"elementor-heading-title elementor-size-default\"><a href=\"https:\/\/www.studiolacitta.it\/en\/events\/kevork-mourad-in-paris-at-the-arab-world-institute-an-artistic-exploration-of-history-and-memory\/\">Kevork Mourad in Paris at the Arab World Institute \u2014 An Artistic Exploration of History and Memory<\/a><\/h2>\t\t\t\t<\/div>\n\t\t\t\t<div class=\"elementor-element elementor-element-8ef277a elementor-widget elementor-widget-theme-post-excerpt\" data-id=\"8ef277a\" data-element_type=\"widget\" data-e-type=\"widget\" data-widget_type=\"theme-post-excerpt.default\">\n\t\t\t\t\tFrom March 31 to July 19, 2026, the Institut du Monde Arabe in Paris presents Slaves in the Mediterranean, 17th\u201318th Century, an exhibition that explores the histories of captivity and slavery across the Mediterranean between the...\t\t\t\t<\/div>\n\t\t\t\t\t<\/div>\n\t\t\t\t<\/div>\n\t\t\t\t<\/div>\n\t\t\t\t<div data-elementor-type=\"loop-item\" data-elementor-id=\"17995\" class=\"elementor elementor-17995 e-loop-item e-loop-item-18303 post-18303 post type-post status-publish format-standard has-post-thumbnail hentry category-events\" data-elementor-post-type=\"elementor_library\" data-custom-edit-handle=\"1\">\n\t\t\t<div class=\"elementor-element elementor-element-23a3e0e e-flex e-con-boxed e-con e-parent\" data-id=\"23a3e0e\" data-element_type=\"container\" data-e-type=\"container\">\n\t\t\t\t\t<div class=\"e-con-inner\">\n\t\t\t\t<div class=\"elementor-element elementor-element-0f10578 elementor-widget elementor-widget-theme-post-featured-image elementor-widget-image\" data-id=\"0f10578\" data-element_type=\"widget\" data-e-type=\"widget\" data-widget_type=\"theme-post-featured-image.default\">\n\t\t\t\t\t\t\t\t\t\t\t\t\t\t\t\t<a href=\"https:\/\/www.studiolacitta.it\/en\/events\/herbert-hamak-villa-valmarana-ai-nani-the-forest\/\">\n\t\t\t\t\t\t\t<img decoding=\"async\" width=\"2560\" height=\"1440\" src=\"https:\/\/www.studiolacitta.it\/wp-content\/uploads\/2026\/02\/Copertina-Valmarana.jpg\" class=\"attachment-full size-full wp-image-18305\" alt=\"Herbert Hamak - Villa Valmarana ai Nani - Bosco - 2026 - Studio la Citt\u00e0 - Verona - Arte contemporanea\" srcset=\"https:\/\/www.studiolacitta.it\/wp-content\/uploads\/2026\/02\/Copertina-Valmarana.jpg 2560w, https:\/\/www.studiolacitta.it\/wp-content\/uploads\/2026\/02\/Copertina-Valmarana-300x169.jpg 300w, https:\/\/www.studiolacitta.it\/wp-content\/uploads\/2026\/02\/Copertina-Valmarana-1024x576.jpg 1024w, https:\/\/www.studiolacitta.it\/wp-content\/uploads\/2026\/02\/Copertina-Valmarana-768x432.jpg 768w, https:\/\/www.studiolacitta.it\/wp-content\/uploads\/2026\/02\/Copertina-Valmarana-1536x864.jpg 1536w, https:\/\/www.studiolacitta.it\/wp-content\/uploads\/2026\/02\/Copertina-Valmarana-2048x1152.jpg 2048w, https:\/\/www.studiolacitta.it\/wp-content\/uploads\/2026\/02\/Copertina-Valmarana-600x338.jpg 600w\" sizes=\"(max-width: 2560px) 100vw, 2560px\" \/>\t\t\t\t\t\t\t\t<\/a>\n\t\t\t\t\t\t\t\t\t\t\t\t\t\t\t<\/div>\n\t\t\t\t<div class=\"elementor-element elementor-element-dbff641 elementor-align-left elementor-widget elementor-widget-post-info\" data-id=\"dbff641\" data-element_type=\"widget\" data-e-type=\"widget\" data-widget_type=\"post-info.default\">\n\t\t\t\t\t\t\t<ul class=\"elementor-inline-items elementor-icon-list-items elementor-post-info\">\n\t\t\t\t\t\t\t\t<li class=\"elementor-icon-list-item elementor-repeater-item-f70d581 elementor-inline-item\">\n\t\t\t\t\t\t\t\t\t\t<span class=\"elementor-icon-list-icon\">\n\t\t\t\t\t\t\t\t<i aria-hidden=\"true\" class=\"far fa-tags\"><\/i>\t\t\t\t\t\t\t<\/span>\n\t\t\t\t\t\t\t\t\t<span class=\"elementor-icon-list-text elementor-post-info__item elementor-post-info__item--type-custom\">\n\t\t\t\t\t\t\t\t\t\tExhibition\t\t\t\t\t<\/span>\n\t\t\t\t\t\t\t\t<\/li>\n\t\t\t\t<\/ul>\n\t\t\t\t\t\t<\/div>\n\t\t\t\t<div class=\"elementor-element elementor-element-a5568e8 elementor-widget elementor-widget-theme-post-title elementor-page-title elementor-widget-heading\" data-id=\"a5568e8\" data-element_type=\"widget\" data-e-type=\"widget\" data-widget_type=\"theme-post-title.default\">\n\t\t\t\t\t<h2 class=\"elementor-heading-title elementor-size-default\"><a href=\"https:\/\/www.studiolacitta.it\/en\/events\/herbert-hamak-villa-valmarana-ai-nani-the-forest\/\">Herbert Hamak, Villa Valmarana ai Nani \u2013 the Forest<\/a><\/h2>\t\t\t\t<\/div>\n\t\t\t\t<div class=\"elementor-element elementor-element-8ef277a elementor-widget elementor-widget-theme-post-excerpt\" data-id=\"8ef277a\" data-element_type=\"widget\" data-e-type=\"widget\" data-widget_type=\"theme-post-excerpt.default\">\n\t\t\t\t\tArt and nature converge in Vicenza: Herbert Hamak transforms the Forest of Villa Valmarana ai Nani into an immersive experience of light, form, and landscape....\t\t\t\t<\/div>\n\t\t\t\t\t<\/div>\n\t\t\t\t<\/div>\n\t\t\t\t<\/div>\n\t\t\t\t<div data-elementor-type=\"loop-item\" data-elementor-id=\"17995\" class=\"elementor elementor-17995 e-loop-item e-loop-item-17746 post-17746 post type-post status-publish format-standard has-post-thumbnail hentry category-events\" data-elementor-post-type=\"elementor_library\" data-custom-edit-handle=\"1\">\n\t\t\t<div class=\"elementor-element elementor-element-23a3e0e e-flex e-con-boxed e-con e-parent\" data-id=\"23a3e0e\" data-element_type=\"container\" data-e-type=\"container\">\n\t\t\t\t\t<div class=\"e-con-inner\">\n\t\t\t\t<div class=\"elementor-element elementor-element-0f10578 elementor-widget elementor-widget-theme-post-featured-image elementor-widget-image\" data-id=\"0f10578\" data-element_type=\"widget\" data-e-type=\"widget\" data-widget_type=\"theme-post-featured-image.default\">\n\t\t\t\t\t\t\t\t\t\t\t\t\t\t\t\t<a href=\"https:\/\/www.studiolacitta.it\/en\/events\/deposito-a-generi-diversi\/\">\n\t\t\t\t\t\t\t<img loading=\"lazy\" decoding=\"async\" width=\"2560\" height=\"1440\" src=\"https:\/\/www.studiolacitta.it\/wp-content\/uploads\/2026\/02\/Copertina-generi-diversi-1.jpg\" class=\"attachment-full size-full wp-image-17864\" alt=\"DEPOSITO A \u2013 GENERI DIVERSI\" srcset=\"https:\/\/www.studiolacitta.it\/wp-content\/uploads\/2026\/02\/Copertina-generi-diversi-1.jpg 2560w, https:\/\/www.studiolacitta.it\/wp-content\/uploads\/2026\/02\/Copertina-generi-diversi-1-300x169.jpg 300w, https:\/\/www.studiolacitta.it\/wp-content\/uploads\/2026\/02\/Copertina-generi-diversi-1-1024x576.jpg 1024w, https:\/\/www.studiolacitta.it\/wp-content\/uploads\/2026\/02\/Copertina-generi-diversi-1-768x432.jpg 768w, https:\/\/www.studiolacitta.it\/wp-content\/uploads\/2026\/02\/Copertina-generi-diversi-1-1536x864.jpg 1536w, https:\/\/www.studiolacitta.it\/wp-content\/uploads\/2026\/02\/Copertina-generi-diversi-1-2048x1152.jpg 2048w, https:\/\/www.studiolacitta.it\/wp-content\/uploads\/2026\/02\/Copertina-generi-diversi-1-600x338.jpg 600w\" sizes=\"(max-width: 2560px) 100vw, 2560px\" \/>\t\t\t\t\t\t\t\t<\/a>\n\t\t\t\t\t\t\t\t\t\t\t\t\t\t\t<\/div>\n\t\t\t\t<div class=\"elementor-element elementor-element-dbff641 elementor-align-left elementor-widget elementor-widget-post-info\" data-id=\"dbff641\" data-element_type=\"widget\" data-e-type=\"widget\" data-widget_type=\"post-info.default\">\n\t\t\t\t\t\t\t<ul class=\"elementor-inline-items elementor-icon-list-items elementor-post-info\">\n\t\t\t\t\t\t\t\t<li class=\"elementor-icon-list-item elementor-repeater-item-f70d581 elementor-inline-item\">\n\t\t\t\t\t\t\t\t\t\t<span class=\"elementor-icon-list-icon\">\n\t\t\t\t\t\t\t\t<i aria-hidden=\"true\" class=\"far fa-tags\"><\/i>\t\t\t\t\t\t\t<\/span>\n\t\t\t\t\t\t\t\t\t<span class=\"elementor-icon-list-text elementor-post-info__item elementor-post-info__item--type-custom\">\n\t\t\t\t\t\t\t\t\t\tExhibition\t\t\t\t\t<\/span>\n\t\t\t\t\t\t\t\t<\/li>\n\t\t\t\t<\/ul>\n\t\t\t\t\t\t<\/div>\n\t\t\t\t<div class=\"elementor-element elementor-element-a5568e8 elementor-widget elementor-widget-theme-post-title elementor-page-title elementor-widget-heading\" data-id=\"a5568e8\" data-element_type=\"widget\" data-e-type=\"widget\" data-widget_type=\"theme-post-title.default\">\n\t\t\t\t\t<h2 class=\"elementor-heading-title elementor-size-default\"><a href=\"https:\/\/www.studiolacitta.it\/en\/events\/deposito-a-generi-diversi\/\">Deposito \u00c0 &#8211; Converge<\/a><\/h2>\t\t\t\t<\/div>\n\t\t\t\t<div class=\"elementor-element elementor-element-8ef277a elementor-widget elementor-widget-theme-post-excerpt\" data-id=\"8ef277a\" data-element_type=\"widget\" data-e-type=\"widget\" data-widget_type=\"theme-post-excerpt.default\">\n\t\t\t\t\tAn ecosystem that brings together contemporary art, design, and electronic music in a dialogue between creative languages and cultures. Featuring works by Marcella Dvsi, Lucas Reiner, George Nakashima, Tracey Snelling, and Federico Borroni, accompanied by a vinyl selection curated by Fabio Slider....\t\t\t\t<\/div>\n\t\t\t\t\t<\/div>\n\t\t\t\t<\/div>\n\t\t\t\t<\/div>\n\t\t\t\t<div data-elementor-type=\"loop-item\" data-elementor-id=\"17995\" class=\"elementor elementor-17995 e-loop-item e-loop-item-16684 post-16684 post type-post status-publish format-standard has-post-thumbnail hentry category-events tag-247\" data-elementor-post-type=\"elementor_library\" data-custom-edit-handle=\"1\">\n\t\t\t<div class=\"elementor-element elementor-element-23a3e0e e-flex e-con-boxed e-con e-parent\" data-id=\"23a3e0e\" data-element_type=\"container\" data-e-type=\"container\">\n\t\t\t\t\t<div class=\"e-con-inner\">\n\t\t\t\t<div class=\"elementor-element elementor-element-0f10578 elementor-widget elementor-widget-theme-post-featured-image elementor-widget-image\" data-id=\"0f10578\" data-element_type=\"widget\" data-e-type=\"widget\" data-widget_type=\"theme-post-featured-image.default\">\n\t\t\t\t\t\t\t\t\t\t\t\t\t\t\t\t<a href=\"https:\/\/www.studiolacitta.it\/en\/events\/after-dark-27-february-2026-studio-la-citta-verona\/\">\n\t\t\t\t\t\t\t<img loading=\"lazy\" decoding=\"async\" width=\"2560\" height=\"1440\" src=\"https:\/\/www.studiolacitta.it\/wp-content\/uploads\/2026\/01\/After-Dark_2026_Copertina_ENG_17-scaled.jpg\" class=\"attachment-full size-full wp-image-17431\" alt=\"\" srcset=\"https:\/\/www.studiolacitta.it\/wp-content\/uploads\/2026\/01\/After-Dark_2026_Copertina_ENG_17-scaled.jpg 2560w, https:\/\/www.studiolacitta.it\/wp-content\/uploads\/2026\/01\/After-Dark_2026_Copertina_ENG_17-300x169.jpg 300w, https:\/\/www.studiolacitta.it\/wp-content\/uploads\/2026\/01\/After-Dark_2026_Copertina_ENG_17-1024x576.jpg 1024w, https:\/\/www.studiolacitta.it\/wp-content\/uploads\/2026\/01\/After-Dark_2026_Copertina_ENG_17-768x432.jpg 768w, https:\/\/www.studiolacitta.it\/wp-content\/uploads\/2026\/01\/After-Dark_2026_Copertina_ENG_17-1536x864.jpg 1536w, https:\/\/www.studiolacitta.it\/wp-content\/uploads\/2026\/01\/After-Dark_2026_Copertina_ENG_17-2048x1152.jpg 2048w, https:\/\/www.studiolacitta.it\/wp-content\/uploads\/2026\/01\/After-Dark_2026_Copertina_ENG_17-600x338.jpg 600w\" sizes=\"(max-width: 2560px) 100vw, 2560px\" \/>\t\t\t\t\t\t\t\t<\/a>\n\t\t\t\t\t\t\t\t\t\t\t\t\t\t\t<\/div>\n\t\t\t\t<div class=\"elementor-element elementor-element-dbff641 elementor-align-left elementor-widget elementor-widget-post-info\" data-id=\"dbff641\" data-element_type=\"widget\" data-e-type=\"widget\" data-widget_type=\"post-info.default\">\n\t\t\t\t\t\t\t<ul class=\"elementor-inline-items elementor-icon-list-items elementor-post-info\">\n\t\t\t\t\t\t\t\t<li class=\"elementor-icon-list-item elementor-repeater-item-f70d581 elementor-inline-item\">\n\t\t\t\t\t\t\t\t\t\t<span class=\"elementor-icon-list-icon\">\n\t\t\t\t\t\t\t\t<i aria-hidden=\"true\" class=\"far fa-tags\"><\/i>\t\t\t\t\t\t\t<\/span>\n\t\t\t\t\t\t\t\t\t<span class=\"elementor-icon-list-text elementor-post-info__item elementor-post-info__item--type-custom\">\n\t\t\t\t\t\t\t\t\t\tEvent\t\t\t\t\t<\/span>\n\t\t\t\t\t\t\t\t<\/li>\n\t\t\t\t<\/ul>\n\t\t\t\t\t\t<\/div>\n\t\t\t\t<div class=\"elementor-element elementor-element-a5568e8 elementor-widget elementor-widget-theme-post-title elementor-page-title elementor-widget-heading\" data-id=\"a5568e8\" data-element_type=\"widget\" data-e-type=\"widget\" data-widget_type=\"theme-post-title.default\">\n\t\t\t\t\t<h2 class=\"elementor-heading-title elementor-size-default\"><a href=\"https:\/\/www.studiolacitta.it\/en\/events\/after-dark-27-february-2026-studio-la-citta-verona\/\">After Dark \u2013 27 February 2026 Studio la Citt\u00e0 \u2013 Verona<\/a><\/h2>\t\t\t\t<\/div>\n\t\t\t\t<div class=\"elementor-element elementor-element-8ef277a elementor-widget elementor-widget-theme-post-excerpt\" data-id=\"8ef277a\" data-element_type=\"widget\" data-e-type=\"widget\" data-widget_type=\"theme-post-excerpt.default\">\n\t\t\t\t\tDiscover the exhibition #\u00d8\u00d8\u00d8\u00d8\u00d8\u00d8 through an immersive journey where art, taste, and perception come together in a new sensory experience. Set within an environment that transforms through light, art meets taste in a journey guided by art historian and advisor Ilenia Zampini and culinary vibrations by chef Valentina Di Marco...\t\t\t\t<\/div>\n\t\t\t\t\t<\/div>\n\t\t\t\t<\/div>\n\t\t\t\t<\/div>\n\t\t\t\t<\/div>\n\t\t\n\t\t\t\t\t\t<\/div>\n\t\t\t\t<\/div>\n\t\t\t\t<div class=\"elementor-element elementor-element-ec7b05e elementor-widget-divider--view-line elementor-widget elementor-widget-divider\" data-id=\"ec7b05e\" data-element_type=\"widget\" data-e-type=\"widget\" data-widget_type=\"divider.default\">\n\t\t\t\t\t\t\t<div class=\"elementor-divider\">\n\t\t\t<span class=\"elementor-divider-separator\">\n\t\t\t\t\t\t<\/span>\n\t\t<\/div>\n\t\t\t\t\t\t<\/div>\n\t\t\t\t\t<\/div>\n\t\t\t\t<\/div>\n\t\t\t\t<\/div>\n\t\t","protected":false},"excerpt":{"rendered":"<p>NEWS<\/p>\n","protected":false},"author":8,"featured_media":0,"parent":0,"menu_order":0,"comment_status":"closed","ping_status":"closed","template":"","meta":{"_acf_changed":false,"_bst_post_transparent":"default","_bst_post_title":"hide","_bst_post_layout":"fullwidth","_bst_post_sidebar_id":"","_bst_post_content_style":"unboxed","_bst_post_vertical_padding":"hide","_bst_post_feature":"hide","_bst_post_feature_position":"","_bst_post_header":false,"_bst_post_footer":false,"footnotes":""},"class_list":["post-16695","page","type-page","status-publish","hentry"],"acf":[],"yoast_head":"<!-- This site is optimized with the Yoast SEO plugin v27.5 - https:\/\/yoast.com\/product\/yoast-seo-wordpress\/ -->\n<title>Studio la Citt\u00e0 - Events studio la citt\u00e0<\/title>\n<meta name=\"robots\" content=\"index, follow, max-snippet:-1, max-image-preview:large, max-video-preview:-1\" \/>\n<link rel=\"canonical\" href=\"https:\/\/www.studiolacitta.it\/en\/events-studio-la-citta\/\" \/>\n<meta property=\"og:locale\" content=\"en_US\" \/>\n<meta property=\"og:type\" content=\"article\" \/>\n<meta property=\"og:title\" content=\"Studio la Citt\u00e0 - Events studio la citt\u00e0\" \/>\n<meta property=\"og:description\" content=\"NEWS\" \/>\n<meta property=\"og:url\" content=\"https:\/\/www.studiolacitta.it\/en\/events-studio-la-citta\/\" \/>\n<meta property=\"og:site_name\" content=\"Studio la Citt\u00e0\" \/>\n<meta property=\"article:publisher\" content=\"https:\/\/www.facebook.com\/studiolacitta\" \/>\n<meta property=\"article:modified_time\" content=\"2026-03-13T09:16:45+00:00\" \/>\n<meta name=\"twitter:card\" content=\"summary_large_image\" \/>\n<script type=\"application\/ld+json\" class=\"yoast-schema-graph\">{\"@context\":\"https:\\\/\\\/schema.org\",\"@graph\":[{\"@type\":\"WebPage\",\"@id\":\"https:\\\/\\\/www.studiolacitta.it\\\/en\\\/events-studio-la-citta\\\/\",\"url\":\"https:\\\/\\\/www.studiolacitta.it\\\/en\\\/events-studio-la-citta\\\/\",\"name\":\"Studio la Citt\u00e0 - Events studio la citt\u00e0\",\"isPartOf\":{\"@id\":\"https:\\\/\\\/www.studiolacitta.it\\\/en\\\/#website\"},\"datePublished\":\"2026-01-30T16:23:27+00:00\",\"dateModified\":\"2026-03-13T09:16:45+00:00\",\"breadcrumb\":{\"@id\":\"https:\\\/\\\/www.studiolacitta.it\\\/en\\\/events-studio-la-citta\\\/#breadcrumb\"},\"inLanguage\":\"en-US\",\"potentialAction\":[{\"@type\":\"ReadAction\",\"target\":[\"https:\\\/\\\/www.studiolacitta.it\\\/en\\\/events-studio-la-citta\\\/\"]}]},{\"@type\":\"BreadcrumbList\",\"@id\":\"https:\\\/\\\/www.studiolacitta.it\\\/en\\\/events-studio-la-citta\\\/#breadcrumb\",\"itemListElement\":[{\"@type\":\"ListItem\",\"position\":1,\"name\":\"Home\",\"item\":\"https:\\\/\\\/www.studiolacitta.it\\\/en\\\/\"},{\"@type\":\"ListItem\",\"position\":2,\"name\":\"Events studio la citt\u00e0\"}]},{\"@type\":\"WebSite\",\"@id\":\"https:\\\/\\\/www.studiolacitta.it\\\/en\\\/#website\",\"url\":\"https:\\\/\\\/www.studiolacitta.it\\\/en\\\/\",\"name\":\"Studio la citt\u00e0\",\"description\":\"\",\"publisher\":{\"@id\":\"https:\\\/\\\/www.studiolacitta.it\\\/en\\\/#organization\"},\"potentialAction\":[{\"@type\":\"SearchAction\",\"target\":{\"@type\":\"EntryPoint\",\"urlTemplate\":\"https:\\\/\\\/www.studiolacitta.it\\\/en\\\/?s={search_term_string}\"},\"query-input\":{\"@type\":\"PropertyValueSpecification\",\"valueRequired\":true,\"valueName\":\"search_term_string\"}}],\"inLanguage\":\"en-US\"},{\"@type\":\"Organization\",\"@id\":\"https:\\\/\\\/www.studiolacitta.it\\\/en\\\/#organization\",\"name\":\"Studio la citt\u00e0\",\"url\":\"https:\\\/\\\/www.studiolacitta.it\\\/en\\\/\",\"logo\":{\"@type\":\"ImageObject\",\"inLanguage\":\"en-US\",\"@id\":\"https:\\\/\\\/www.studiolacitta.it\\\/en\\\/#\\\/schema\\\/logo\\\/image\\\/\",\"url\":\"https:\\\/\\\/www.studiolacitta.it\\\/wp-content\\\/uploads\\\/2025\\\/09\\\/cropped-logo_icona.png\",\"contentUrl\":\"https:\\\/\\\/www.studiolacitta.it\\\/wp-content\\\/uploads\\\/2025\\\/09\\\/cropped-logo_icona.png\",\"width\":512,\"height\":512,\"caption\":\"Studio la citt\u00e0\"},\"image\":{\"@id\":\"https:\\\/\\\/www.studiolacitta.it\\\/en\\\/#\\\/schema\\\/logo\\\/image\\\/\"},\"sameAs\":[\"https:\\\/\\\/www.facebook.com\\\/studiolacitta\",\"https:\\\/\\\/www.instagram.com\\\/studiolacitta\\\/\",\"https:\\\/\\\/www.youtube.com\\\/channel\\\/UCCjmcwJra0A6dF23v-_fE7A\"]}]}<\/script>\n<!-- \/ Yoast SEO plugin. -->","yoast_head_json":{"title":"Studio la Citt\u00e0 - Events studio la citt\u00e0","robots":{"index":"index","follow":"follow","max-snippet":"max-snippet:-1","max-image-preview":"max-image-preview:large","max-video-preview":"max-video-preview:-1"},"canonical":"https:\/\/www.studiolacitta.it\/en\/events-studio-la-citta\/","og_locale":"en_US","og_type":"article","og_title":"Studio la Citt\u00e0 - Events studio la citt\u00e0","og_description":"NEWS","og_url":"https:\/\/www.studiolacitta.it\/en\/events-studio-la-citta\/","og_site_name":"Studio la Citt\u00e0","article_publisher":"https:\/\/www.facebook.com\/studiolacitta","article_modified_time":"2026-03-13T09:16:45+00:00","twitter_card":"summary_large_image","schema":{"@context":"https:\/\/schema.org","@graph":[{"@type":"WebPage","@id":"https:\/\/www.studiolacitta.it\/en\/events-studio-la-citta\/","url":"https:\/\/www.studiolacitta.it\/en\/events-studio-la-citta\/","name":"Studio la Citt\u00e0 - Events studio la citt\u00e0","isPartOf":{"@id":"https:\/\/www.studiolacitta.it\/en\/#website"},"datePublished":"2026-01-30T16:23:27+00:00","dateModified":"2026-03-13T09:16:45+00:00","breadcrumb":{"@id":"https:\/\/www.studiolacitta.it\/en\/events-studio-la-citta\/#breadcrumb"},"inLanguage":"en-US","potentialAction":[{"@type":"ReadAction","target":["https:\/\/www.studiolacitta.it\/en\/events-studio-la-citta\/"]}]},{"@type":"BreadcrumbList","@id":"https:\/\/www.studiolacitta.it\/en\/events-studio-la-citta\/#breadcrumb","itemListElement":[{"@type":"ListItem","position":1,"name":"Home","item":"https:\/\/www.studiolacitta.it\/en\/"},{"@type":"ListItem","position":2,"name":"Events studio la citt\u00e0"}]},{"@type":"WebSite","@id":"https:\/\/www.studiolacitta.it\/en\/#website","url":"https:\/\/www.studiolacitta.it\/en\/","name":"Studio la citt\u00e0","description":"","publisher":{"@id":"https:\/\/www.studiolacitta.it\/en\/#organization"},"potentialAction":[{"@type":"SearchAction","target":{"@type":"EntryPoint","urlTemplate":"https:\/\/www.studiolacitta.it\/en\/?s={search_term_string}"},"query-input":{"@type":"PropertyValueSpecification","valueRequired":true,"valueName":"search_term_string"}}],"inLanguage":"en-US"},{"@type":"Organization","@id":"https:\/\/www.studiolacitta.it\/en\/#organization","name":"Studio la citt\u00e0","url":"https:\/\/www.studiolacitta.it\/en\/","logo":{"@type":"ImageObject","inLanguage":"en-US","@id":"https:\/\/www.studiolacitta.it\/en\/#\/schema\/logo\/image\/","url":"https:\/\/www.studiolacitta.it\/wp-content\/uploads\/2025\/09\/cropped-logo_icona.png","contentUrl":"https:\/\/www.studiolacitta.it\/wp-content\/uploads\/2025\/09\/cropped-logo_icona.png","width":512,"height":512,"caption":"Studio la citt\u00e0"},"image":{"@id":"https:\/\/www.studiolacitta.it\/en\/#\/schema\/logo\/image\/"},"sameAs":["https:\/\/www.facebook.com\/studiolacitta","https:\/\/www.instagram.com\/studiolacitta\/","https:\/\/www.youtube.com\/channel\/UCCjmcwJra0A6dF23v-_fE7A"]}]}},"_links":{"self":[{"href":"https:\/\/www.studiolacitta.it\/en\/wp-json\/wp\/v2\/pages\/16695","targetHints":{"allow":["GET"]}}],"collection":[{"href":"https:\/\/www.studiolacitta.it\/en\/wp-json\/wp\/v2\/pages"}],"about":[{"href":"https:\/\/www.studiolacitta.it\/en\/wp-json\/wp\/v2\/types\/page"}],"author":[{"embeddable":true,"href":"https:\/\/www.studiolacitta.it\/en\/wp-json\/wp\/v2\/users\/8"}],"replies":[{"embeddable":true,"href":"https:\/\/www.studiolacitta.it\/en\/wp-json\/wp\/v2\/comments?post=16695"}],"version-history":[{"count":5,"href":"https:\/\/www.studiolacitta.it\/en\/wp-json\/wp\/v2\/pages\/16695\/revisions"}],"predecessor-version":[{"id":18058,"href":"https:\/\/www.studiolacitta.it\/en\/wp-json\/wp\/v2\/pages\/16695\/revisions\/18058"}],"wp:attachment":[{"href":"https:\/\/www.studiolacitta.it\/en\/wp-json\/wp\/v2\/media?parent=16695"}],"curies":[{"name":"wp","href":"https:\/\/api.w.org\/{rel}","templated":true}]}}